{"version":"1.0","provider_name":"Az Oroszl\u00e1n f\u0151zni k\u00e9sz\u00fcl","provider_url":"https:\/\/oroszlanfoz.cafeblog.hu","author_name":"Seafalcon","author_url":"https:\/\/oroszlanfoz.cafeblog.hu\/author\/seafalcon\/","title":"Seafalcon, saj\u00e1t lev\u00e9ben","html":"Azt tudni illik, hogy m\u00e1s blogjaimon Seafalcon n\u00e9ven szerepelek.\r\n\r\nSzeptember 13-a (most p\u00e9ntek!) az olvas\u00e1s \u00e9jszak\u00e1ja. Sz\u00e9kesfeh\u00e9rv\u00e1ron ez alkalomb\u00f3l felt\u00e1lalj\u00e1k Seafalcont saj\u00e1t lev\u00e9ben, \u00e9s m\u00e9g sok mindenki m\u00e1st is, most a gasztron\u00f3mia jegy\u00e9ben olvasnak majd Feh\u00e9rv\u00e1rott. Olvasd ki a plak\u00e1tot, \u00e9s ha van kedved, ha tudsz gyere el!\r\n<div class=\"separator\" style=\"clear: both;text-align: center\"><a style=\"margin-left: 1em;margin-right: 1em\" href=\"http:\/\/1.bp.blogspot.com\/-oVyNwQ-U2qA\/UinfpUBvIWI\/AAAAAAAAHvA\/-YTIL6ymb6E\/s1600\/Feh%C3%A9rv%C3%A1riplak%C3%A1t.jpg\"><img alt=\"\" src=\"https:\/\/oroszlanfoz.cafeblog.hu\/files\/2013\/09\/Feh\u00e9rv\u00e1riplak\u00e1t2.jpg\" width=\"451\" height=\"640\" border=\"0\" \/><\/a><\/div>\r\n&nbsp;","type":"rich"}